{"id":2011,"date":"2017-09-11T16:28:00","date_gmt":"2017-09-11T14:28:00","guid":{"rendered":"http:\/\/feylamellenringe.com\/impressum\/"},"modified":"2024-11-04T12:13:02","modified_gmt":"2024-11-04T11:13:02","slug":"impressum","status":"publish","type":"page","link":"https:\/\/feylamellenringe.com\/pl\/impressum\/","title":{"rendered":"Impressum"},"content":{"rendered":"<div class=\"flex_column av_one_full  flex_column_div av-zero-column-padding first  \" style='border-radius:0px; '><section class=\"av_textblock_section \"  itemscope=\"itemscope\" itemtype=\"https:\/\/schema.org\/CreativeWork\" ><div class='avia_textblock  '   itemprop=\"text\" ><h1>Impressum<\/h1>\n<h2>Fey Lamellenringe Vertriebs GmbH<\/h2>\n<p>Wienersdorfer Hauptstra\u00dfe 41<br \/>\n2514 Traiskirchen &#8211; Wienersdorf, \u00d6sterreich<\/p>\n<p>Telefon: +43 02252 88640<br \/>\nTelefax: +43 02252 88640-2<br \/>\nE-Mail:\u00a0<a class=\"escape email\" title=\"E-Mail senden\" href=\"mailto:office@feylamellenringe.com\">office@feylamellenringe.com<\/a><br \/>\nInternet:\u00a0<a title=\"Fey Lamellenringe Vertriebs GmbH\" href=\"http:\/\/www.feylamellenringe.com\/\">www.feylamellenringe.com<\/a><\/p>\n<\/div><\/section><\/div>\n<div class=\"flex_column av_one_third  flex_column_div av-zero-column-padding first  \" style='border-radius:0px; '><section class=\"av_textblock_section \"  itemscope=\"itemscope\" itemtype=\"https:\/\/schema.org\/CreativeWork\" ><div class='avia_textblock  '   itemprop=\"text\" ><dl class=\"floatList\">\n<dd><\/dd>\n<dt>\n<h3>Rechtliche Informationen<\/h3>\n<\/dt>\n<\/dl>\n<dl class=\"floatList\">\n<dt>Gesch\u00e4ftsf\u00fchrerin: Frau Verena Schmied<\/dt>\n<dt>jur. Vertretungsberechtigte: Frau Verena Schmied<\/dt>\n<dt>Rechtsform: GmbH<\/dt>\n<\/dl>\n<dl class=\"floatList\">\n<dt>Aufsichtsbeh\u00f6rde: Bezirkshauptmannschaft Baden<\/dt>\n<dt>Kammer:\u00a0<a href=\"http:\/\/firmen.wko.at\/Web\/DetailsInfos.aspx?FirmaID=dff5c46c-a306-41fb-9ab0-5dbd7c0e6cbe&amp;StandortID=0&amp;Suchbegriff=fey+lamellenringe+vertriebs+gmbh&amp;Page=1\" target=\"_blank\" rel=\"noopener\">Wirtschaftskammer Nieder\u00f6sterreichh<\/a><\/dt>\n<dt>gesetzl. Berufsbezeichnung: Handel mit Industriebedarf<\/dt>\n<\/dl>\n<div class=\"clear\"><\/div>\n<dl class=\"floatList\">\n<dt>Umsatzsteuer ID: ATU 17518906<\/dt>\n<\/dl>\n<\/div><\/section><\/div>\n<div class=\"flex_column av_one_third  flex_column_div av-zero-column-padding   \" style='border-radius:0px; '><section class=\"av_textblock_section \"  itemscope=\"itemscope\" itemtype=\"https:\/\/schema.org\/CreativeWork\" ><div class='avia_textblock  '   itemprop=\"text\" ><h3>Register<\/h3>\n<dl class=\"floatList\">\n<dt>Registerart: Firmenbuch<\/dt>\n<dt>Register\/Ort: Landesgericht Wiener Neustadt<\/dt>\n<dt>Registernummer: Firmenbuch: FN 85873i<\/dt>\n<\/dl>\n<\/div><\/section><\/div>\n<div class=\"flex_column av_one_third  flex_column_div av-zero-column-padding   \" style='border-radius:0px; '><section class=\"av_textblock_section \"  itemscope=\"itemscope\" itemtype=\"https:\/\/schema.org\/CreativeWork\" ><div class='avia_textblock  '   itemprop=\"text\" ><h3><img loading=\"lazy\" decoding=\"async\" class=\"alignnone size-full wp-image-3900\" src=\"http:\/\/feylamellenringe.com\/wp-content\/uploads\/2024\/11\/Fey-Certificate-2027-ENG-jpg.jpg\" alt=\"\" width=\"726\" height=\"1024\" srcset=\"https:\/\/feylamellenringe.com\/wp-content\/uploads\/2024\/11\/Fey-Certificate-2027-ENG-jpg.jpg 726w, https:\/\/feylamellenringe.com\/wp-content\/uploads\/2024\/11\/Fey-Certificate-2027-ENG-jpg-213x300.jpg 213w, https:\/\/feylamellenringe.com\/wp-content\/uploads\/2024\/11\/Fey-Certificate-2027-ENG-jpg-500x705.jpg 500w, https:\/\/feylamellenringe.com\/wp-content\/uploads\/2024\/11\/Fey-Certificate-2027-ENG-jpg-450x635.jpg 450w\" sizes=\"auto, (max-width: 726px) 100vw, 726px\" \/><img loading=\"lazy\" decoding=\"async\" class=\"alignnone size-full wp-image-3902\" src=\"http:\/\/feylamellenringe.com\/wp-content\/uploads\/2024\/11\/Fey-Sertificate-bis-2027-JPG-DE.jpg\" alt=\"\" width=\"724\" height=\"1024\" srcset=\"https:\/\/feylamellenringe.com\/wp-content\/uploads\/2024\/11\/Fey-Sertificate-bis-2027-JPG-DE.jpg 724w, https:\/\/feylamellenringe.com\/wp-content\/uploads\/2024\/11\/Fey-Sertificate-bis-2027-JPG-DE-212x300.jpg 212w, https:\/\/feylamellenringe.com\/wp-content\/uploads\/2024\/11\/Fey-Sertificate-bis-2027-JPG-DE-498x705.jpg 498w, https:\/\/feylamellenringe.com\/wp-content\/uploads\/2024\/11\/Fey-Sertificate-bis-2027-JPG-DE-450x636.jpg 450w\" sizes=\"auto, (max-width: 724px) 100vw, 724px\" \/><\/h3>\n<dl class=\"floatList\">\n<dt><\/dt>\n<\/dl>\n<\/div><\/section><\/div><\/div><\/div><\/div><!-- close content main div --><\/div><\/div><div id='features' class='avia-section main_color avia-section-no-padding avia-no-border-styling avia-bg-style-scroll   container_wrap fullsize'   ><div class='container' ><div class='template-page content  av-content-full alpha units'><div class='post-entry post-entry-type-page post-entry-2011'><div class='entry-content-wrapper clearfix'>\n<div class=\"flex_column av_one_full  flex_column_div av-zero-column-padding first  \" style='border-radius:0px; '><section class=\"av_textblock_section \"  itemscope=\"itemscope\" itemtype=\"https:\/\/schema.org\/CreativeWork\" ><div class='avia_textblock  '   itemprop=\"text\" ><section id=\"content\" class=\"col_6\">\n<h4 id=\"datenschutzbestimmungen\">Datenschutzbestimmungen<\/h4>\n<p>Wir erheben, verarbeiten und nutzen Ihre Daten ausschlie\u00dflich im Rahmen der Bestimmungen der Datenschutzgrundverordnung (DSGVO) sowie des Datenschutzgesetzes..<\/p>\n<p>Diese Datenschutzerkl\u00e4rung gilt ausschlie\u00dflich f\u00fcr die Nutzung der von uns angebotenen Webseiten. Sie gilt nicht f\u00fcr die Webseiten anderer Dienstanbieter, auf die wir lediglich durch einen Link verweisen.<\/p>\n<p>Bei der Nutzung unserer Webseiten bleiben Sie anonym, solange Sie uns nicht von sich aus freiwillig personenbezogene Daten zur Verf\u00fcgung stellen.<\/p>\n<p>Wir verarbeiten personenbezogene Daten gem\u00e4\u00df DSGVO Art. 6 zur Bearbeitung Ihrer Anfrage, f\u00fcr die technische Administration, f\u00fcr vorvertragliche Ma\u00dfnahmen oder zur Vertragserf\u00fcllung.<\/p>\n<p>Ohne Ihre ausdr\u00fcckliche Einwilligung geben wir keine personenbezogenen Daten weiter, es sei denn, dass wir rechtlich dazu verpflichtet sind oder es f\u00fcr die Vertragserf\u00fcllung notwendig ist.<\/p>\n<p>Wir weisen jedoch darauf hin, dass es bei der \u00dcbermittlung von Daten im Internet immer dazu kommen kann, dass Dritte Ihre Daten zur Kenntnis nehmen.<\/p>\n<p>Sofern Sie es von uns verlangen, gew\u00e4hren wir Ihnen Einblick in die \u00fcber Sie gespeicherten Daten, beziehungsweise l\u00f6schen diese. Wenn Sie Daten berichtigen, l\u00f6schen oder einsehen wollen, gen\u00fcgt hierf\u00fcr ein Schreiben an die im Impressum angegebene Adresse.<\/p>\n<\/section>\n<p>Verantwortlicher f\u00fcr die Datenverarbeitung ist die<\/p>\n<p>FEY LAMELLENRINGE VERTRIEBS GMBH<br \/>\nWienersdorfer Hauptstrasse. 41<br \/>\n2514 Traiskirchen<br \/>\nVertreten durch Frau Verena Schmied<br \/>\nErreichbar unter: +43 2252 88640 oder office@feylamellenringe.com<\/p>\n<p>Die Datenschutzbeh\u00f6rde ist unter folgender Adresse erreichbar:<\/p>\n<p>\u00d6sterreichische Datenschutzbeh\u00f6rde<br \/>\nWickenburgg. 8<br \/>\n1080 Wien<br \/>\nErreichbar unter: +43 1 52 152 &#8211; 0 oder dsb@dsb.gv.at<\/p>\n<p>Unsere aktuellen Bedingungen finden Sie hier (PDF Dokument): <a href=\"http:\/\/feylamellenringe.com\/wp-content\/uploads\/2021\/10\/AGBs_2021_V2_1310-Deutsch.pdf\">AGB&#8217;s_2021_V2_1310 Deutsch<\/a><\/p>\n<\/div><\/section><\/div>\n<\/p>\n","protected":false},"excerpt":{"rendered":"","protected":false},"author":1,"featured_media":0,"parent":0,"menu_order":5,"comment_status":"closed","ping_status":"closed","template":"","meta":{"footnotes":""},"class_list":["post-2011","page","type-page","status-publish","hentry"],"_links":{"self":[{"href":"https:\/\/feylamellenringe.com\/pl\/wp-json\/wp\/v2\/pages\/2011","targetHints":{"allow":["GET"]}}],"collection":[{"href":"https:\/\/feylamellenringe.com\/pl\/wp-json\/wp\/v2\/pages"}],"about":[{"href":"https:\/\/feylamellenringe.com\/pl\/wp-json\/wp\/v2\/types\/page"}],"author":[{"embeddable":true,"href":"https:\/\/feylamellenringe.com\/pl\/wp-json\/wp\/v2\/users\/1"}],"replies":[{"embeddable":true,"href":"https:\/\/feylamellenringe.com\/pl\/wp-json\/wp\/v2\/comments?post=2011"}],"version-history":[{"count":10,"href":"https:\/\/feylamellenringe.com\/pl\/wp-json\/wp\/v2\/pages\/2011\/revisions"}],"predecessor-version":[{"id":2012,"href":"https:\/\/feylamellenringe.com\/pl\/wp-json\/wp\/v2\/pages\/2011\/revisions\/2012"}],"wp:attachment":[{"href":"https:\/\/feylamellenringe.com\/pl\/wp-json\/wp\/v2\/media?parent=2011"}],"curies":[{"name":"wp","href":"https:\/\/api.w.org\/{rel}","templated":true}]}}